{"id":255615,"date":"2020-07-21T15:58:41","date_gmt":"2020-07-21T13:58:41","guid":{"rendered":"https:\/\/pierregignoux.fr\/blog-2\/"},"modified":"2023-05-24T11:11:30","modified_gmt":"2023-05-24T09:11:30","slug":"blog-2","status":"publish","type":"page","link":"https:\/\/pierregignoux.fr\/en\/blog-2\/","title":{"rendered":"Blog"},"content":{"rendered":"<p><div class=\"et_d4_element et_pb_section et_pb_section_0  et_pb_css_mix_blend_mode et_section_regular et_pb_section--with-menu et_block_section\" >\n\t\t\t\t\n\t\t\t\t\n\t\t\t\t\n\t\t\t\t\n\t\t\t\t\n\t\t\t\t\n\t\t\t\t<div class=\"et_d4_element et_pb_row et_pb_row_0  et_pb_css_mix_blend_mode et_block_row\">\n\t\t\t\t<div class=\"et_d4_element et_pb_column_4_4 et_pb_column et_pb_column_0  et_pb_css_mix_blend_mode et-last-child et_block_column\">\n\t\t\t\t\n\t\t\t\t\n\t\t\t\t\n\t\t\t\t\n\t\t\t\t<div class=\"et_pb_module et_d4_element et_pb_text et_pb_text_0  et_pb_text_align_left et_pb_bg_layout_light\">\n\t\t\t\t\n\t\t\t\t\n\t\t\t\t\n\t\t\t\t\n\t\t\t\t<div class=\"et_pb_text_inner\"><h1>Blog<\/h1><\/div>\n\t\t\t<\/div>\n\t\t\t<\/div>\n\t\t\t\t\n\t\t\t\t\n\t\t\t\t\n\t\t\t\t\n\t\t\t<\/div><div class=\"et_d4_element et_pb_row et_pb_row_1  et_pb_css_mix_blend_mode et_pb_row--with-menu et_block_row\">\n\t\t\t\t<div class=\"et_d4_element et_pb_column_4_4 et_pb_column et_pb_column_1  et_pb_css_mix_blend_mode et-last-child et_pb_column--with-menu et_block_column\">\n\t\t\t\t\n\t\t\t\t\n\t\t\t\t\n\t\t\t\t\n\t\t\t\t<div class=\"et_pb_module et_d4_element et_pb_menu et_pb_menu_0 et_pb_bg_layout_light  et_pb_text_align_left et_dropdown_animation_fade et_pb_menu--without-logo et_pb_menu--style-left_aligned\">\n\t\t\t\t\t\n\t\t\t\t\t\n\t\t\t\t\t\n\t\t\t\t\t\n\t\t\t\t\t<div class=\"et_pb_menu_inner_container clearfix\">\n\t\t\t\t\t\t\n\t\t\t\t\t\t<div class=\"et_pb_menu__wrap\">\n\t\t\t\t\t\t\t<div class=\"et_pb_menu__menu\">\n\t\t\t\t\t\t\t\t<nav class=\"et-menu-nav\"><ul id=\"menu-menu-blog-anglais\" class=\"et-menu nav\"><li id=\"menu-item-255623\" class=\"et_pb_menu_page_id-255615 menu-item menu-item-type-post_type menu-item-object-page menu-item-255623\"><a href=\"https:\/\/pierregignoux.fr\/en\/blog-2\/\">Blog<\/a><\/li>\n<li id=\"menu-item-211167\" class=\"et_pb_menu_page_id-210719 menu-item menu-item-type-post_type menu-item-object-page menu-item-211167\"><a href=\"https:\/\/pierregignoux.fr\/en\/news\/\">News<\/a><\/li>\n<li id=\"menu-item-255624\" class=\"et_pb_menu_page_id-255618 menu-item menu-item-type-post_type menu-item-object-page menu-item-255624\"><a href=\"https:\/\/pierregignoux.fr\/en\/athletes-2\/\">Athletes<\/a><\/li>\n<li id=\"menu-item-255625\" class=\"et_pb_menu_page_id-255620 menu-item menu-item-type-post_type menu-item-object-page menu-item-255625\"><a href=\"https:\/\/pierregignoux.fr\/en\/our-tips\/\">Our Tips<\/a><\/li>\n<\/ul><\/nav>\n\t\t\t\t\t\t\t<\/div>\n\t\t\t\t\t\t\t\n\t\t\t\t\t\t\t\n\t\t\t\t\t\t\t<div class=\"et_mobile_nav_menu\">\n\t\t\t\t<div class=\"mobile_nav closed\">\n\t\t\t\t\t<span class=\"mobile_menu_bar\"><\/span>\n\t\t\t\t<\/div>\n\t\t\t<\/div>\n\t\t\t\t\t\t<\/div>\n\t\t\t\t\t\t\n\t\t\t\t\t<\/div>\n\t\t\t\t<\/div>\n\t\t\t<\/div>\n\t\t\t\t\n\t\t\t\t\n\t\t\t\t\n\t\t\t\t\n\t\t\t<\/div>\n\t\t\t\t\n\t\t\t\t\n\t\t\t<\/div><div class=\"et_d4_element et_pb_section et_pb_section_1  et_pb_css_mix_blend_mode et_section_regular et_block_section\" >\n\t\t\t\t\n\t\t\t\t\n\t\t\t\t\n\t\t\t\t\n\t\t\t\t\n\t\t\t\t\n\t\t\t\t<div class=\"et_d4_element et_pb_row et_pb_row_2 et_pb_equal_columns  et_pb_css_mix_blend_mode et_block_row\">\n\t\t\t\t<div class=\"et_d4_element et_pb_column_4_4 et_pb_column et_pb_column_2  et_pb_css_mix_blend_mode et-last-child et_block_column\">\n\t\t\t\t\n\t\t\t\t\n\t\t\t\t\n\t\t\t\t\n\t\t\t\t<div class=\"et_pb_with_border et_pb_module et_d4_element et_pb_blog_0  et_pb_css_mix_blend_mode et_pb_blog_grid_wrapper et_pb_bg_layout_light\">\n\t\t\t\t\t<div class=\"et_pb_blog_grid clearfix  et_pb_text_align_left\">\n\t\t\t\t\t\n\t\t\t\t\t\n\t\t\t\t\t\n\t\t\t\t\t\n\t\t\t\t\t<div class=\"et_pb_ajax_pagination_container\">\n\t\t\t\t\t\t<div class=\"et_pb_salvattore_content\" data-columns>\n\t\t\t<article id=\"post-288638\" class=\"et_pb_post clearfix et_pb_blog_item_0_0 post-288638 post type-post status-publish format-standard has-post-thumbnail hentry category-news-en\">\n\n\t\t\t\t<div class=\"et_pb_image_container\"><a href=\"https:\/\/pierregignoux.fr\/en\/news-en\/gignouxs-new-features-for-the-2024-2025-season\/\" class=\"entry-featured-image-url\"><img loading=\"lazy\" decoding=\"async\" src=\"https:\/\/i0.wp.com\/pierregignoux.fr\/wp-content\/uploads\/2024\/10\/Vignette-Race-pro.jpg?resize=400%2C250&#038;ssl=1\" alt=\"Gignoux&#8217;s New Features for the 2024-2025 Season\" class=\"\" srcset=\"https:\/\/i0.wp.com\/pierregignoux.fr\/wp-content\/uploads\/2024\/10\/Vignette-Race-pro.jpg?fit=1200%2C725&ssl=1 479w, https:\/\/i0.wp.com\/pierregignoux.fr\/wp-content\/uploads\/2024\/10\/Vignette-Race-pro.jpg?resize=400%2C250&ssl=1 480w \" sizes=\"(max-width:479px) 479px, 100vw \"  width=\"400\" height=\"250\" \/><\/a><\/div>\n\t\t\t\t\t\t\t\t\t\t\t\t\t\t<h2 class=\"entry-title\">\n\t\t\t\t\t\t\t\t\t\t\t\t\t<a href=\"https:\/\/pierregignoux.fr\/en\/news-en\/gignouxs-new-features-for-the-2024-2025-season\/\">Gignoux&#8217;s New Features for the 2024-2025 Season<\/a>\n\t\t\t\t\t\t\t\t\t\t\t<\/h2>\n\t\t\t\t\n\t\t\t\t\t<p class=\"post-meta\"><a href=\"https:\/\/pierregignoux.fr\/en\/category\/news-en\/\" rel=\"tag\">News<\/a><\/p><div class=\"post-content\"><div class=\"post-content-inner\"><p>For the 2024-2025 season, Gignoux introduces the Race Pro boot, redesigned for better control and comfort, featuring two liner options: Race liner for speed and Skate liner for enhanced comfort. The Black model has been improved, making it suitable for both competition and mountain outings. These updates enhance performance for ski touring enthusiasts.  <\/p>\n<\/div><a href=\"https:\/\/pierregignoux.fr\/en\/news-en\/gignouxs-new-features-for-the-2024-2025-season\/\" class=\"more-link\">read more<\/a><\/div>\t\t\t\n\t\t\t<\/article>\n\t\t\t\t\n\t\t\t<article id=\"post-283060\" class=\"et_pb_post clearfix et_pb_blog_item_0_1 post-283060 post type-post status-publish format-standard has-post-thumbnail hentry category-news-en\">\n\n\t\t\t\t<div class=\"et_pb_image_container\"><a href=\"https:\/\/pierregignoux.fr\/en\/news-en\/end-of-ski-season-2023\/\" class=\"entry-featured-image-url\"><img loading=\"lazy\" decoding=\"async\" src=\"https:\/\/i0.wp.com\/pierregignoux.fr\/wp-content\/uploads\/2023\/05\/Vignette.jpg?resize=400%2C250&#038;ssl=1\" alt=\"End of ski season 2023\" class=\"\" srcset=\"https:\/\/i0.wp.com\/pierregignoux.fr\/wp-content\/uploads\/2023\/05\/Vignette.jpg?fit=1820%2C1137&ssl=1 479w, https:\/\/i0.wp.com\/pierregignoux.fr\/wp-content\/uploads\/2023\/05\/Vignette.jpg?resize=400%2C250&ssl=1 480w \" sizes=\"(max-width:479px) 479px, 100vw \"  width=\"400\" height=\"250\" \/><\/a><\/div>\n\t\t\t\t\t\t\t\t\t\t\t\t\t\t<h2 class=\"entry-title\">\n\t\t\t\t\t\t\t\t\t\t\t\t\t<a href=\"https:\/\/pierregignoux.fr\/en\/news-en\/end-of-ski-season-2023\/\">End of ski season 2023<\/a>\n\t\t\t\t\t\t\t\t\t\t\t<\/h2>\n\t\t\t\t\n\t\t\t\t\t<p class=\"post-meta\"><a href=\"https:\/\/pierregignoux.fr\/en\/category\/news-en\/\" rel=\"tag\">News<\/a><\/p><div class=\"post-content\"><div class=\"post-content-inner\"><p>It is the end of the season 2023, we still have some great spring ski session ahead of us, but it is time for us to look back on what happened in...<\/p>\n<\/div><a href=\"https:\/\/pierregignoux.fr\/en\/news-en\/end-of-ski-season-2023\/\" class=\"more-link\">read more<\/a><\/div>\t\t\t\n\t\t\t<\/article>\n\t\t\t\t\n\t\t\t<article id=\"post-256219\" class=\"et_pb_post clearfix et_pb_blog_item_0_2 post-256219 post type-post status-publish format-standard has-post-thumbnail hentry category-athletes-en\">\n\n\t\t\t\t<div class=\"et_pb_image_container\"><a href=\"https:\/\/pierregignoux.fr\/en\/athletes-en\/summer-interview-with-francois-dhaene\/\" class=\"entry-featured-image-url\"><img loading=\"lazy\" decoding=\"async\" src=\"https:\/\/i0.wp.com\/pierregignoux.fr\/wp-content\/uploads\/2020\/09\/interview-estivale_Francois.png?resize=400%2C250&#038;ssl=1\" alt=\"Summer interview with Fran\u00e7ois D&#8217;Haene\" class=\"\" srcset=\"https:\/\/i0.wp.com\/pierregignoux.fr\/wp-content\/uploads\/2020\/09\/interview-estivale_Francois.png?fit=668%2C444&ssl=1 479w, https:\/\/i0.wp.com\/pierregignoux.fr\/wp-content\/uploads\/2020\/09\/interview-estivale_Francois.png?resize=400%2C250&ssl=1 480w \" sizes=\"(max-width:479px) 479px, 100vw \"  width=\"400\" height=\"250\" \/><\/a><\/div>\n\t\t\t\t\t\t\t\t\t\t\t\t\t\t<h2 class=\"entry-title\">\n\t\t\t\t\t\t\t\t\t\t\t\t\t<a href=\"https:\/\/pierregignoux.fr\/en\/athletes-en\/summer-interview-with-francois-dhaene\/\">Summer interview with Fran\u00e7ois D&#8217;Haene<\/a>\n\t\t\t\t\t\t\t\t\t\t\t<\/h2>\n\t\t\t\t\n\t\t\t\t\t<p class=\"post-meta\"><a href=\"https:\/\/pierregignoux.fr\/en\/category\/athletes-en\/\" rel=\"tag\">Athletes<\/a><\/p><div class=\"post-content\"><div class=\"post-content-inner\"><p>Summer interview with Fran\u00e7ois D'Haene &nbsp;The ID: Surname : D\u2019HAENE Name : Fran\u00e7ois Date of birth : 24\/12\/1985 Where do you leave : Ar\u00eaches...<\/p>\n<\/div><a href=\"https:\/\/pierregignoux.fr\/en\/athletes-en\/summer-interview-with-francois-dhaene\/\" class=\"more-link\">read more<\/a><\/div>\t\t\t\n\t\t\t<\/article>\n\t\t\t\t\n\t\t\t<article id=\"post-256064\" class=\"et_pb_post clearfix et_pb_blog_item_0_3 post-256064 post type-post status-publish format-standard has-post-thumbnail hentry category-news-en tag-andrzej-bargiel-en tag-athlete-en tag-exploit-en tag-first-ski-descent-en-2 tag-first-ski-descent-en tag-k2-en\">\n\n\t\t\t\t<div class=\"et_pb_image_container\"><a href=\"https:\/\/pierregignoux.fr\/en\/news-en\/andrzej-bargiel-k2-movie\/\" class=\"entry-featured-image-url\"><img loading=\"lazy\" decoding=\"async\" src=\"https:\/\/i0.wp.com\/pierregignoux.fr\/wp-content\/uploads\/2020\/09\/vignette-bargiel-k2.jpg?resize=400%2C250&#038;ssl=1\" alt=\"Andrzej Bargiel K2 Movie\" class=\"\" srcset=\"https:\/\/i0.wp.com\/pierregignoux.fr\/wp-content\/uploads\/2020\/09\/vignette-bargiel-k2.jpg?fit=680%2C420&ssl=1 479w, https:\/\/i0.wp.com\/pierregignoux.fr\/wp-content\/uploads\/2020\/09\/vignette-bargiel-k2.jpg?resize=400%2C250&ssl=1 480w \" sizes=\"(max-width:479px) 479px, 100vw \"  width=\"400\" height=\"250\" \/><\/a><\/div>\n\t\t\t\t\t\t\t\t\t\t\t\t\t\t<h2 class=\"entry-title\">\n\t\t\t\t\t\t\t\t\t\t\t\t\t<a href=\"https:\/\/pierregignoux.fr\/en\/news-en\/andrzej-bargiel-k2-movie\/\">Andrzej Bargiel K2 Movie<\/a>\n\t\t\t\t\t\t\t\t\t\t\t<\/h2>\n\t\t\t\t\n\t\t\t\t\t<p class=\"post-meta\"><a href=\"https:\/\/pierregignoux.fr\/en\/category\/news-en\/\" rel=\"tag\">News<\/a><\/p><div class=\"post-content\"><div class=\"post-content-inner\"><p>Andrzej Bargiel: K2 The Impossible DescentA bit more than two year ago Andrzej Bargiel was launching himself onto the crazy descent of K2 at ski. A...<\/p>\n<\/div><a href=\"https:\/\/pierregignoux.fr\/en\/news-en\/andrzej-bargiel-k2-movie\/\" class=\"more-link\">read more<\/a><\/div>\t\t\t\n\t\t\t<\/article>\n\t\t\t\t\n\t\t\t<article id=\"post-256001\" class=\"et_pb_post clearfix et_pb_blog_item_0_4 post-256001 post type-post status-publish format-standard has-post-thumbnail hentry category-athletes-en tag-athletes-en tag-interview-en tag-remi-bonnet-en\">\n\n\t\t\t\t<div class=\"et_pb_image_container\"><a href=\"https:\/\/pierregignoux.fr\/en\/athletes-en\/interview-estival-avec-remi-bonnet\/\" class=\"entry-featured-image-url\"><img loading=\"lazy\" decoding=\"async\" src=\"https:\/\/i0.wp.com\/pierregignoux.fr\/wp-content\/uploads\/2020\/09\/interviewestivale_Remi03.png?resize=400%2C250&#038;ssl=1\" alt=\"Summer interview with R\u00e9mi Bonnet\" class=\"\" srcset=\"https:\/\/i0.wp.com\/pierregignoux.fr\/wp-content\/uploads\/2020\/09\/interviewestivale_Remi03.png?fit=668%2C444&ssl=1 479w, https:\/\/i0.wp.com\/pierregignoux.fr\/wp-content\/uploads\/2020\/09\/interviewestivale_Remi03.png?resize=400%2C250&ssl=1 480w \" sizes=\"(max-width:479px) 479px, 100vw \"  width=\"400\" height=\"250\" \/><\/a><\/div>\n\t\t\t\t\t\t\t\t\t\t\t\t\t\t<h2 class=\"entry-title\">\n\t\t\t\t\t\t\t\t\t\t\t\t\t<a href=\"https:\/\/pierregignoux.fr\/en\/athletes-en\/interview-estival-avec-remi-bonnet\/\">Summer interview with R\u00e9mi Bonnet<\/a>\n\t\t\t\t\t\t\t\t\t\t\t<\/h2>\n\t\t\t\t\n\t\t\t\t\t<p class=\"post-meta\"><a href=\"https:\/\/pierregignoux.fr\/en\/category\/athletes-en\/\" rel=\"tag\">Athletes<\/a><\/p><div class=\"post-content\"><div class=\"post-content-inner\"><p>Summer interview with R\u00e9mi Bonnet &nbsp;ID Name : \u200bbonnet Surname : \u200bR\u00e9mi Date of birth :\u200b 03.03.1995 Where do you live :\u200b Cr\u00e9suz, Suisse Records :...<\/p>\n<\/div><a href=\"https:\/\/pierregignoux.fr\/en\/athletes-en\/interview-estival-avec-remi-bonnet\/\" class=\"more-link\">read more<\/a><\/div>\t\t\t\n\t\t\t<\/article>\n\t\t\t\t\n\t\t\t<article id=\"post-255850\" class=\"et_pb_post clearfix et_pb_blog_item_0_5 post-255850 post type-post status-publish format-standard has-post-thumbnail hentry category-athletes-en tag-athletes-en tag-interview-en\">\n\n\t\t\t\t<div class=\"et_pb_image_container\"><a href=\"https:\/\/pierregignoux.fr\/en\/athletes-en\/summer-interview-with-kilian-jornet\/\" class=\"entry-featured-image-url\"><img loading=\"lazy\" decoding=\"async\" src=\"https:\/\/i0.wp.com\/pierregignoux.fr\/wp-content\/uploads\/2020\/08\/interview-estivale_Kilian_vignette.png?resize=400%2C250&#038;ssl=1\" alt=\"Summer interview with Kilian Jornet\" class=\"\" srcset=\"https:\/\/i0.wp.com\/pierregignoux.fr\/wp-content\/uploads\/2020\/08\/interview-estivale_Kilian_vignette.png?fit=536%2C444&ssl=1 479w, https:\/\/i0.wp.com\/pierregignoux.fr\/wp-content\/uploads\/2020\/08\/interview-estivale_Kilian_vignette.png?resize=400%2C250&ssl=1 480w \" sizes=\"(max-width:479px) 479px, 100vw \"  width=\"400\" height=\"250\" \/><\/a><\/div>\n\t\t\t\t\t\t\t\t\t\t\t\t\t\t<h2 class=\"entry-title\">\n\t\t\t\t\t\t\t\t\t\t\t\t\t<a href=\"https:\/\/pierregignoux.fr\/en\/athletes-en\/summer-interview-with-kilian-jornet\/\">Summer interview with Kilian Jornet<\/a>\n\t\t\t\t\t\t\t\t\t\t\t<\/h2>\n\t\t\t\t\n\t\t\t\t\t<p class=\"post-meta\"><a href=\"https:\/\/pierregignoux.fr\/en\/category\/athletes-en\/\" rel=\"tag\">Athletes<\/a><\/p><div class=\"post-content\"><div class=\"post-content-inner\"><p>Summer interview with Kilian Jornet &nbsp;The I.D. Name: Jornet Burgada Surname: Kilian Date of birth: 27\/10\/1987 Where do you live: Romsdal, Norway...<\/p>\n<\/div><a href=\"https:\/\/pierregignoux.fr\/en\/athletes-en\/summer-interview-with-kilian-jornet\/\" class=\"more-link\">read more<\/a><\/div>\t\t\t\n\t\t\t<\/article>\n\t\t\t\t\n\t\t\t<article id=\"post-255611\" class=\"et_pb_post clearfix et_pb_blog_item_0_6 post-255611 post type-post status-publish format-standard has-post-thumbnail hentry category-athletes-en\">\n\n\t\t\t\t<div class=\"et_pb_image_container\"><a href=\"https:\/\/pierregignoux.fr\/en\/athletes-en\/summer-interview-with-laeticia-roux\/\" class=\"entry-featured-image-url\"><img loading=\"lazy\" decoding=\"async\" src=\"https:\/\/i0.wp.com\/pierregignoux.fr\/wp-content\/uploads\/2020\/07\/interview-%C3%A9stivale_Laetitia.jpg?resize=400%2C250&#038;ssl=1\" alt=\"Summer interview with Laeticia Roux\" class=\"\" srcset=\"https:\/\/i0.wp.com\/pierregignoux.fr\/wp-content\/uploads\/2020\/07\/interview-%C3%A9stivale_Laetitia.jpg?fit=668%2C444&ssl=1 479w, https:\/\/i0.wp.com\/pierregignoux.fr\/wp-content\/uploads\/2020\/07\/interview-%C3%A9stivale_Laetitia.jpg?resize=400%2C250&ssl=1 480w \" sizes=\"(max-width:479px) 479px, 100vw \"  width=\"400\" height=\"250\" \/><\/a><\/div>\n\t\t\t\t\t\t\t\t\t\t\t\t\t\t<h2 class=\"entry-title\">\n\t\t\t\t\t\t\t\t\t\t\t\t\t<a href=\"https:\/\/pierregignoux.fr\/en\/athletes-en\/summer-interview-with-laeticia-roux\/\">Summer interview with Laeticia Roux<\/a>\n\t\t\t\t\t\t\t\t\t\t\t<\/h2>\n\t\t\t\t\n\t\t\t\t\t<p class=\"post-meta\"><a href=\"https:\/\/pierregignoux.fr\/en\/category\/athletes-en\/\" rel=\"tag\">Athletes<\/a><\/p><div class=\"post-content\"><div class=\"post-content-inner\"><p>Interview \u00e9stivale avec Laeticia Roux &nbsp;La carte d'identit\u00e9 Nom : Roux Pr\u00e9nom : Laetitia Date de naissance\u00a0: 21\/06\/1985 Tu habites o\u00f9 \u00e0...<\/p>\n<\/div><a href=\"https:\/\/pierregignoux.fr\/en\/athletes-en\/summer-interview-with-laeticia-roux\/\" class=\"more-link\">read more<\/a><\/div>\t\t\t\n\t\t\t<\/article>\n\t\t\t\t\n\t\t\t<article id=\"post-210766\" class=\"et_pb_post clearfix et_pb_blog_item_0_7 post-210766 post type-post status-publish format-standard has-post-thumbnail hentry category-news-en\">\n\n\t\t\t\t<div class=\"et_pb_image_container\"><a href=\"https:\/\/pierregignoux.fr\/en\/news-en\/one-day-at-gignoux\/\" class=\"entry-featured-image-url\"><img loading=\"lazy\" decoding=\"async\" src=\"https:\/\/i0.wp.com\/pierregignoux.fr\/wp-content\/uploads\/2019\/03\/miniature-video-4.png?resize=400%2C250&#038;ssl=1\" alt=\"One day at Gignoux\" class=\"\" srcset=\"https:\/\/i0.wp.com\/pierregignoux.fr\/wp-content\/uploads\/2019\/03\/miniature-video-4.png?fit=440%2C400&ssl=1 479w, https:\/\/i0.wp.com\/pierregignoux.fr\/wp-content\/uploads\/2019\/03\/miniature-video-4.png?resize=400%2C250&ssl=1 480w \" sizes=\"(max-width:479px) 479px, 100vw \"  width=\"400\" height=\"250\" \/><\/a><\/div>\n\t\t\t\t\t\t\t\t\t\t\t\t\t\t<h2 class=\"entry-title\">\n\t\t\t\t\t\t\t\t\t\t\t\t\t<a href=\"https:\/\/pierregignoux.fr\/en\/news-en\/one-day-at-gignoux\/\">One day at Gignoux<\/a>\n\t\t\t\t\t\t\t\t\t\t\t<\/h2>\n\t\t\t\t\n\t\t\t\t\t<p class=\"post-meta\"><a href=\"https:\/\/pierregignoux.fr\/en\/category\/news-en\/\" rel=\"tag\">News<\/a><\/p><div class=\"post-content\"><div class=\"post-content-inner\"><p>One Day At GignouxInside Gignoux company with Brice and Colin: an open air office Design and manufacturing of the world lightest boots. In order to...<\/p>\n<\/div><a href=\"https:\/\/pierregignoux.fr\/en\/news-en\/one-day-at-gignoux\/\" class=\"more-link\">read more<\/a><\/div>\t\t\t\n\t\t\t<\/article>\n\t\t\t\t<\/div><div><div class=\"pagination clearfix\">\n\t<div class=\"alignleft\"><\/div>\n\t<div class=\"alignright\"><\/div>\n<\/div><\/div><\/div>\n\t\t\t\t\t<\/div>\n\t\t\t\t\t \n\t\t\t\t<\/div>\n\t\t\t<\/div>\n\t\t\t\t\n\t\t\t\t\n\t\t\t\t\n\t\t\t\t\n\t\t\t<\/div>\n\t\t\t\t\n\t\t\t\t\n\t\t\t<\/div><div class=\"et_d4_element et_pb_section et_pb_section_2 et_pb_with_background  et_pb_css_mix_blend_mode et_pb_fullwidth_section et_section_regular section_has_divider et_pb_top_divider et_block_section\" >\n\t\t\t\t<div class=\"et_pb_top_inside_divider et-no-transition\"><\/div>\n\t\t\t\t\n\t\t\t\t\n\t\t\t\t\n\t\t\t\t\n\t\t\t\t\n\t\t\t\t\n\t\t\t\t\n\t\t\t\t\n\t\t\t<\/div><\/p>\n","protected":false},"excerpt":{"rendered":"","protected":false},"author":6,"featured_media":0,"parent":0,"menu_order":0,"comment_status":"closed","ping_status":"closed","template":"","meta":{"advanced_seo_description":"","jetpack_seo_html_title":"","jetpack_seo_noindex":false,"_et_pb_use_builder":"on","_et_pb_old_content":"","_et_gb_content_width":"","footnotes":""},"class_list":["post-255615","page","type-page","status-publish","hentry"],"jetpack_sharing_enabled":true,"_links":{"self":[{"href":"https:\/\/pierregignoux.fr\/en\/wp-json\/wp\/v2\/pages\/255615","targetHints":{"allow":["GET"]}}],"collection":[{"href":"https:\/\/pierregignoux.fr\/en\/wp-json\/wp\/v2\/pages"}],"about":[{"href":"https:\/\/pierregignoux.fr\/en\/wp-json\/wp\/v2\/types\/page"}],"author":[{"embeddable":true,"href":"https:\/\/pierregignoux.fr\/en\/wp-json\/wp\/v2\/users\/6"}],"replies":[{"embeddable":true,"href":"https:\/\/pierregignoux.fr\/en\/wp-json\/wp\/v2\/comments?post=255615"}],"version-history":[{"count":0,"href":"https:\/\/pierregignoux.fr\/en\/wp-json\/wp\/v2\/pages\/255615\/revisions"}],"wp:attachment":[{"href":"https:\/\/pierregignoux.fr\/en\/wp-json\/wp\/v2\/media?parent=255615"}],"curies":[{"name":"wp","href":"https:\/\/api.w.org\/{rel}","templated":true}]}}